{"id":13247,"date":"2022-06-15T17:30:43","date_gmt":"2022-06-15T15:30:43","guid":{"rendered":"https:\/\/ciberespiral.org\/?page_id=13247"},"modified":"2026-04-24T12:27:47","modified_gmt":"2026-04-24T10:27:47","slug":"informes-odite","status":"publish","type":"page","link":"https:\/\/ciberespiral.org\/es\/informes-odite\/","title":{"rendered":"Informes Cat"},"content":{"rendered":"<p>[et_pb_section fb_built=\u00bb1&#8243; fullwidth=\u00bbon\u00bb _builder_version=\u00bb4.16&#8243; animation_style=\u00bbslide\u00bb animation_direction=\u00bbtop\u00bb animation_intensity_slide=\u00bb2%\u00bb animation_starting_opacity=\u00bb100%\u00bb da_disable_devices=\u00bboff|off|off\u00bb locked=\u00bboff\u00bb global_colors_info=\u00bb{}\u00bb da_is_popup=\u00bboff\u00bb da_exit_intent=\u00bboff\u00bb da_has_close=\u00bbon\u00bb da_alt_close=\u00bboff\u00bb da_dark_close=\u00bboff\u00bb da_not_modal=\u00bbon\u00bb da_is_singular=\u00bboff\u00bb da_with_loader=\u00bboff\u00bb da_has_shadow=\u00bbon\u00bb][et_pb_fullwidth_header title=\u00bbInformes\u00bb content_max_width=\u00bb800px\u00bb _builder_version=\u00bb4.16&#8243; title_level=\u00bbh2&#8243; title_font=\u00bbLato||||||||\u00bb title_font_size=\u00bb60px\u00bb title_line_height=\u00bb1.2em\u00bb content_font=\u00bb||||||||\u00bb content_font_size=\u00bb20px\u00bb content_line_height=\u00bb1.8em\u00bb background_color=\u00bbrgba(255, 255, 255, 0)\u00bb use_background_color_gradient=\u00bbon\u00bb background_color_gradient_direction=\u00bb90deg\u00bb background_color_gradient_stops=\u00bbrgba(0,0,0,0.75) 0%|rgba(0,0,0,0) 100%\u00bb background_color_gradient_overlays_image=\u00bbon\u00bb background_color_gradient_start=\u00bbrgba(0,0,0,0.75)\u00bb background_color_gradient_end=\u00bbrgba(0,0,0,0)\u00bb background_image=\u00bbhttps:\/\/ciberespiral.org\/wp-content\/uploads\/2022\/02\/odite_hero.png\u00bb custom_button_one=\u00bbon\u00bb button_one_text_size=\u00bb18px\u00bb button_one_bg_color=\u00bb#02d002&#8243; button_one_border_width=\u00bb8px\u00bb button_one_border_color=\u00bb#02d002&#8243; button_one_border_radius=\u00bb0px\u00bb button_one_letter_spacing=\u00bb1px\u00bb button_one_font=\u00bbLato|700|||||||\u00bb button_one_use_icon=\u00bboff\u00bb custom_button_two=\u00bbon\u00bb button_two_text_size=\u00bb18px\u00bb button_two_text_color=\u00bb#353740&#8243; button_two_bg_color=\u00bb#ffffff\u00bb button_two_border_width=\u00bb8px\u00bb button_two_border_color=\u00bb#ffffff\u00bb button_two_border_radius=\u00bb0px\u00bb button_two_letter_spacing=\u00bb1px\u00bb button_two_font=\u00bbLato|700|||||||\u00bb button_two_use_icon=\u00bboff\u00bb custom_margin=\u00bb|||\u00bb custom_padding=\u00bb8%||8%|\u00bb button_one_letter_spacing_hover=\u00bb1px\u00bb button_two_letter_spacing_hover=\u00bb1px\u00bb locked=\u00bboff\u00bb global_colors_info=\u00bb{}\u00bb button_one_text_size__hover_enabled=\u00bboff\u00bb button_two_text_size__hover_enabled=\u00bboff\u00bb button_one_text_color__hover_enabled=\u00bboff\u00bb button_two_text_color__hover_enabled=\u00bboff\u00bb button_one_border_width__hover_enabled=\u00bboff\u00bb button_two_border_width__hover_enabled=\u00bboff\u00bb button_one_border_color__hover_enabled=\u00bboff\u00bb button_two_border_color__hover_enabled=\u00bboff\u00bb button_one_border_radius__hover_enabled=\u00bboff\u00bb button_two_border_radius__hover_enabled=\u00bboff\u00bb button_one_letter_spacing__hover_enabled=\u00bbon\u00bb button_one_letter_spacing__hover=\u00bb1px\u00bb button_two_letter_spacing__hover_enabled=\u00bbon\u00bb button_two_letter_spacing__hover=\u00bb1px\u00bb button_one_bg_color__hover_enabled=\u00bboff\u00bb button_two_bg_color__hover_enabled=\u00bboff\u00bb][\/et_pb_fullwidth_header][\/et_pb_section][et_pb_section fb_built=\u00bb1&#8243; fullwidth=\u00bbon\u00bb _builder_version=\u00bb4.17.4&#8243; _module_preset=\u00bbdefault\u00bb da_disable_devices=\u00bboff|off|off\u00bb box_shadow_style=\u00bbpreset3&#8243; global_colors_info=\u00bb{}\u00bb da_is_popup=\u00bboff\u00bb da_exit_intent=\u00bboff\u00bb da_has_close=\u00bbon\u00bb da_alt_close=\u00bboff\u00bb da_dark_close=\u00bboff\u00bb da_not_modal=\u00bbon\u00bb da_is_singular=\u00bboff\u00bb da_with_loader=\u00bboff\u00bb da_has_shadow=\u00bbon\u00bb][et_pb_fullwidth_menu menu_id=\u00bb65&#8243; _builder_version=\u00bb4.17.4&#8243; _module_preset=\u00bbdefault\u00bb global_colors_info=\u00bb{}\u00bb][\/et_pb_fullwidth_menu][\/et_pb_section][et_pb_section fb_built=\u00bb1&#8243; _builder_version=\u00bb4.17.4&#8243; _module_preset=\u00bbdefault\u00bb background_enable_image=\u00bboff\u00bb da_disable_devices=\u00bboff|off|off\u00bb global_colors_info=\u00bb{}\u00bb da_is_popup=\u00bboff\u00bb da_exit_intent=\u00bboff\u00bb da_has_close=\u00bbon\u00bb da_alt_close=\u00bboff\u00bb da_dark_close=\u00bboff\u00bb da_not_modal=\u00bbon\u00bb da_is_singular=\u00bboff\u00bb da_with_loader=\u00bboff\u00bb da_has_shadow=\u00bbon\u00bb][et_pb_row column_structure=\u00bb1_3,1_3,1_3&#8243; make_equal=\u00bbon\u00bb _builder_version=\u00bb4.21.0&#8243; _module_preset=\u00bbdefault\u00bb global_colors_info=\u00bb{}\u00bb][et_pb_column type=\u00bb1_3&#8243; _builder_version=\u00bb4.17.4&#8243; _module_preset=\u00bbdefault\u00bb global_colors_info=\u00bb{}\u00bb][et_pb_blurb title=\u00bbClaves para una nueva educaci\u00f3n. Tendencias, retos y propuestas en la era de la IA \u00bb url=\u00bbhttps:\/\/ciberespiral.org\/es\/claves-para-una-nueva-educacion-tendencias-retos-y-propuestas-en-la-era-de-la-ia\/\u00bb image=\u00bbhttps:\/\/ciberespiral.org\/wp-content\/uploads\/2026\/04\/WhatsApp-Image-2026-04-16-at-17.15.01.jpeg\u00bb _builder_version=\u00bb4.27.6&#8243; _module_preset=\u00bbdefault\u00bb hover_enabled=\u00bb0&#8243; global_colors_info=\u00bb{}\u00bb sticky_enabled=\u00bb0&#8243;]<\/p>\n<p>En un momento de transformaci\u00f3n educativa sin precedentes, marcado por la irrupci\u00f3n acelerada de la inteligencia artificial generativa, llega una obra imprescindible para comprender hacia d\u00f3nde se dirige la educaci\u00f3n y c\u00f3mo podemos acompa\u00f1ar este proceso de cambio desde una mirada cr\u00edtica, \u00e9tica y profundamente pedag\u00f3gica.<br \/> Con el t\u00edtulo \u00abClaves para una nueva educaci\u00f3n. Tendencias, retos y propuestas en la era de la IA\u00bb, este informe es el resultado de un a\u00f1o de trabajo del equipo de personas observadoras de ODITE durante el curso 2025\/2026. Una obra coral que re\u00fane 53 voces del \u00e1mbito educativo, cultural y tecnol\u00f3gico. <\/p>\n<div id=\"guidejar-container\" ext-id=\"nljfdifffnfijpidnjfbibbdeipnnlln\" style=\"position: fixed; width: 0px; height: 0px; top: 0px; left: 0px; z-index: 2147483647; overflow: visible;\"><\/div>\n<p>[\/et_pb_blurb][\/et_pb_column][et_pb_column type=\u00bb1_3&#8243; _builder_version=\u00bb4.17.4&#8243; _module_preset=\u00bbdefault\u00bb global_colors_info=\u00bb{}\u00bb][et_pb_blurb title=\u00bbInteligencias conectadas: c\u00f3mo la IA est\u00e1 redefiniendo el aprendizaje personalizado\u00bb url=\u00bbhttps:\/\/ciberespiral.org\/es\/claves-para-una-nueva-educacion-tendencias-retos-y-propuestas-en-la-era-de-la-ia\/\u00bb image=\u00bbhttps:\/\/ciberespiral.org\/wp-content\/uploads\/2025\/03\/Captura-de-pantalla-2025-03-14-a-les-16.49.33.png\u00bb _builder_version=\u00bb4.27.4&#8243; _module_preset=\u00bbdefault\u00bb global_colors_info=\u00bb{}\u00bb]<\/p>\n<p><span>Este informe, coordinado por<\/span><span> <\/span><a href=\"https:\/\/www.linkedin.com\/in\/juanmimunoz\/\"><span>Juanmi Mu\u00f1oz<\/span><\/a><span> <\/span><span>,<\/span><span> <\/span><a href=\"https:\/\/www.linkedin.com\/in\/neus-lorenzo-44a0b215\/\"><span>Nieves Lorenzo<\/span><\/a><span> <\/span><span>,<\/span><span> <\/span><a href=\"https:\/\/www.linkedin.com\/in\/fxsune\/\"><span>Xavier Su\u00f1\u00e9<\/span><\/a><span> <\/span><span>y<\/span><span> <\/span><a href=\"https:\/\/www.linkedin.com\/in\/maprats\/\"><span>Miquel \u00c0ngel Prats<\/span><\/a><span>, explora desde m\u00faltiples perspectivas el impacto transformador de la IA en los procesos educativos. A trav\u00e9s de 28 art\u00edculos redactados por docentes, investigadores y expertos en innovaci\u00f3n educativa de diversas partes del mundo, este informe aborda tanto los fundamentos te\u00f3ricos como las aplicaciones pr\u00e1cticas, las experiencias en distintos niveles educativos y las implicaciones sociales, emocionales y \u00e9ticas de la integraci\u00f3n de la IA en la educaci\u00f3n. <\/span><\/p>\n<div id=\"guidejar-container\" ext-id=\"nljfdifffnfijpidnjfbibbdeipnnlln\" style=\"position: fixed; width: 0px; height: 0px; top: 0px; left: 0px; z-index: 2147483647; overflow: visible;\"><\/div>\n<p>[\/et_pb_blurb][\/et_pb_column][et_pb_column type=\u00bb1_3&#8243; _builder_version=\u00bb4.17.4&#8243; _module_preset=\u00bbdefault\u00bb global_colors_info=\u00bb{}\u00bb][et_pb_blurb title=\u00bbInteligencia Artificial en la Microeducaci\u00f3n\u00bb url=\u00bbhttps:\/\/ciberespiral.org\/es\/el-odite-presenta-el-libro-inteligencia-artificial-en-la-microeducacion-transformando-el-aula-del-futuro\/\u00bb image=\u00bbhttps:\/\/ciberespiral.org\/wp-content\/uploads\/2024\/04\/Captura-de-pantalla-2024-04-19-a-les-14.12.58.png\u00bb _builder_version=\u00bb4.24.3&#8243; _module_preset=\u00bbdefault\u00bb global_colors_info=\u00bb{}\u00bb]<\/p>\n<p><span style=\"font-weight: 400;\">Vivimos en un mundo cada vez m\u00e1s digitalizado, donde la tecnolog\u00eda juega un papel m\u00e1s y m\u00e1s relevante en todos los \u00e1mbitos, incluido el educativo. En este contexto, tenemos la satisfacci\u00f3n de presentar un libro generado de forma colaborativa sobre la inteligencia artificial en la microeducaci\u00f3n, publicado por el ODITE (Observatorio de Innovaci\u00f3n Educativa y Cultura Digital) de la Asociaci\u00f3n Espiral, Educaci\u00f3n y Tecnolog\u00eda. Este libro es el resultado de un a\u00f1o de trabajo de docentes de todas las \u00e1reas y niveles educativos y especialistas de seis pa\u00edses diferentes que nos adentra en los fundamentos de la IA y su aplicaci\u00f3n en el \u00e1mbito educativo m\u00e1s cercano: el trabajo en el aula.<\/span><\/p>\n<div id=\"guidejar-container\" ext-id=\"nljfdifffnfijpidnjfbibbdeipnnlln\" style=\"position: fixed; width: 0px; height: 0px; top: 0px; left: 0px; z-index: 2147483647; overflow: visible;\"><\/div>\n<p>[\/et_pb_blurb][\/et_pb_column][\/et_pb_row][et_pb_row column_structure=\u00bb1_3,1_3,1_3&#8243; make_equal=\u00bbon\u00bb _builder_version=\u00bb4.21.0&#8243; _module_preset=\u00bbdefault\u00bb global_colors_info=\u00bb{}\u00bb][et_pb_column type=\u00bb1_3&#8243; _builder_version=\u00bb4.17.4&#8243; _module_preset=\u00bbdefault\u00bb global_colors_info=\u00bb{}\u00bb][et_pb_blurb title=\u00bbInforme 2022&#8243; url=\u00bbhttps:\/\/ciberespiral.org\/es\/informe-odite-tendencias-educativas\/\u00bb image=\u00bbhttps:\/\/ciberespiral.org\/wp-content\/uploads\/2023\/06\/Informe-ODITE-tendencias-educativas-2022.png\u00bb _builder_version=\u00bb4.21.0&#8243; _module_preset=\u00bbdefault\u00bb global_colors_info=\u00bb{}\u00bb]<\/p>\n<p style=\"text-align: justify;\">Durante la preparaci\u00f3n de este informe ODITE de 2022, nos hemos visto envueltos en la sensaci\u00f3n tecnol\u00f3gica del momento: la popularizaci\u00f3n de la inteligencia artificial plasmada en el fen\u00f3meno ChatGPT, que se ha convertido en la plataforma online de m\u00e1s r\u00e1pido crecimiento en la historia de Internet. En nuestra an\u00e1lisis hist\u00f3rico de tendencias (2017-2020) detectamos en perspectiva la Inteligencia Artificial y los Sistemas Conversacionales en el anuario de 2018, y los Chatbots en el de 2020, en pleno COVID. <\/p>\n<p>[\/et_pb_blurb][\/et_pb_column][et_pb_column type=\u00bb1_3&#8243; _builder_version=\u00bb4.17.4&#8243; _module_preset=\u00bbdefault\u00bb global_colors_info=\u00bb{}\u00bb][et_pb_blurb title=\u00bbInforme Especial 2020&#8243; url=\u00bbhttps:\/\/ciberespiral.org\/download\/17392\/?tmstv=1687160407&#8243; image=\u00bbhttps:\/\/ciberespiral.org\/wp-content\/uploads\/2022\/06\/informe_especial_2020.jpeg\u00bb _builder_version=\u00bb4.21.0&#8243; _module_preset=\u00bbdefault\u00bb global_colors_info=\u00bb{}\u00bb]<\/p>\n<p style=\"text-align: justify;\">El a\u00f1o 2020 ha sido uno de esos a\u00f1os para olvidar, pero tambi\u00e9n un a\u00f1o que ha supuesto una lecci\u00f3n de vida, para la vida. Tal vez nada volver\u00e1 a ser lo que era antes de 2020, tampoco la educaci\u00f3n. <\/p>\n<p style=\"text-align: justify;\">En este marco, la sexta edici\u00f3n del Informe del Observatorio de Innovaci\u00f3n Tecnol\u00f3gica y Educativa (ODITE) se ha centrado en poner disposici\u00f3n de la comunidad educativa ejemplos, eminentemente pr\u00e1cticos, de experiencias educativas desarrolladas, principalmente, durante el confinamiento o que, por sus caracter\u00edsticas e idiosincrasia, son aplicables a la \u201cnueva realidad\u201d.<\/p>\n<p>[\/et_pb_blurb][\/et_pb_column][et_pb_column type=\u00bb1_3&#8243; _builder_version=\u00bb4.17.4&#8243; _module_preset=\u00bbdefault\u00bb global_colors_info=\u00bb{}\u00bb][et_pb_blurb title=\u00bbInforme l 2019&#8243; url=\u00bbhttps:\/\/ciberespiral.org\/download\/17355\/?tmstv=1686137673&amp;v=17356&#8243; url_new_window=\u00bbon\u00bb image=\u00bbhttps:\/\/ciberespiral.org\/wp-content\/uploads\/2023\/06\/Captura-de-pantalla-2023-06-07-a-les-13.14.11.png\u00bb _builder_version=\u00bb4.21.0&#8243; _module_preset=\u00bbdefault\u00bb global_colors_info=\u00bb{}\u00bb]<\/p>\n<p style=\"text-align: justify;\">Tenemos la satisfacci\u00f3n de presentar el quinto informe sobre tendencias educativas del Observatorio de Innovaci\u00f3n Tecnol\u00f3gica y educativa de Espiral-Didactalia. En cada una de las tendencias encontraremos una definici\u00f3n y\/o descripci\u00f3n de sus caracter\u00edsticas, algunos ejemplos de aplicaci\u00f3n, fuentes de consulta y algunas preguntas-retos que se nos plantean sobre la tendencia para que podamos debatir, discutir, investigar con nuestros claustros o equipos docentes. <\/p>\n<p>[\/et_pb_blurb][\/et_pb_column][\/et_pb_row][et_pb_row column_structure=\u00bb1_3,1_3,1_3&#8243; _builder_version=\u00bb4.27.6&#8243; _module_preset=\u00bbdefault\u00bb global_colors_info=\u00bb{}\u00bb][et_pb_column type=\u00bb1_3&#8243; _builder_version=\u00bb4.27.6&#8243; _module_preset=\u00bbdefault\u00bb global_colors_info=\u00bb{}\u00bb][et_pb_blurb title=\u00bbInforme 2018&#8243; url=\u00bbhttps:\/\/ciberespiral.org\/download\/17361\/?tmstv=1686137912&amp;v=17362&#8243; url_new_window=\u00bbon\u00bb image=\u00bbhttps:\/\/ciberespiral.org\/wp-content\/uploads\/2023\/06\/Captura-de-pantalla-2023-06-07-a-les-13.16.57.png\u00bb _builder_version=\u00bb4.21.0&#8243; _module_preset=\u00bbdefault\u00bb global_colors_info=\u00bb{}\u00bb]<\/p>\n<p style=\"text-align: justify;\">Hacer un informe sobre tendencias en educaci\u00f3n siempre resulta un reto apasionante, sobre todo porque hay que intentar conjugar lo que est\u00e1 pasando en la sociedad con lo que ocurre en el d\u00eda a d\u00eda de las aulas. Porque tendencias, especialmente en el mundo de lo digital, aparecen cada d\u00eda. Algunas son fuegos de artificio, otras son cometas que perduran durante m\u00e1s tiempo pero acaban desapareciendo. Lo realmente dif\u00edcil y lo que nos interesa especialmente, es dar con aquellas que permanecen y evolucionan con nosotros, en nuestros centros educativos y en nuestras aulas, cada d\u00eda.   <\/p>\n<p>[\/et_pb_blurb][\/et_pb_column][et_pb_column type=\u00bb1_3&#8243; _builder_version=\u00bb4.27.6&#8243; _module_preset=\u00bbdefault\u00bb global_colors_info=\u00bb{}\u00bb][\/et_pb_column][et_pb_column type=\u00bb1_3&#8243; _builder_version=\u00bb4.27.6&#8243; _module_preset=\u00bbdefault\u00bb global_colors_info=\u00bb{}\u00bb][\/et_pb_column][\/et_pb_row][\/et_pb_section]<\/p>\n","protected":false},"excerpt":{"rendered":"<p>En un momento de transformaci\u00f3n educativa sin precedentes, marcado por la irrupci\u00f3n acelerada de la inteligencia artificial generativa, llega una obra imprescindible para comprender hacia d\u00f3nde se dirige la educaci\u00f3n y c\u00f3mo podemos acompa\u00f1ar este proceso de cambio desde una mirada cr\u00edtica, \u00e9tica y profundamente pedag\u00f3gica. Con el t\u00edtulo \u00abClaves para una nueva educaci\u00f3n. Tendencias, [&hellip;]<\/p>\n","protected":false},"author":1,"featured_media":0,"parent":0,"menu_order":0,"comment_status":"closed","ping_status":"closed","template":"","meta":{"_acf_changed":false,"_et_pb_use_builder":"on","_et_pb_old_content":"","_et_gb_content_width":"","footnotes":""},"class_list":["post-13247","page","type-page","status-publish","hentry"],"acf":[],"_links":{"self":[{"href":"https:\/\/ciberespiral.org\/es\/wp-json\/wp\/v2\/pages\/13247","targetHints":{"allow":["GET"]}}],"collection":[{"href":"https:\/\/ciberespiral.org\/es\/wp-json\/wp\/v2\/pages"}],"about":[{"href":"https:\/\/ciberespiral.org\/es\/wp-json\/wp\/v2\/types\/page"}],"author":[{"embeddable":true,"href":"https:\/\/ciberespiral.org\/es\/wp-json\/wp\/v2\/users\/1"}],"replies":[{"embeddable":true,"href":"https:\/\/ciberespiral.org\/es\/wp-json\/wp\/v2\/comments?post=13247"}],"version-history":[{"count":18,"href":"https:\/\/ciberespiral.org\/es\/wp-json\/wp\/v2\/pages\/13247\/revisions"}],"predecessor-version":[{"id":23062,"href":"https:\/\/ciberespiral.org\/es\/wp-json\/wp\/v2\/pages\/13247\/revisions\/23062"}],"wp:attachment":[{"href":"https:\/\/ciberespiral.org\/es\/wp-json\/wp\/v2\/media?parent=13247"}],"curies":[{"name":"wp","href":"https:\/\/api.w.org\/{rel}","templated":true}]}}